{"id":10403,"date":"2026-08-17T12:29:07","date_gmt":"2026-08-17T10:29:07","guid":{"rendered":"https:\/\/www.hotelcostabrava.com\/esdeveniments-corporatius\/"},"modified":"2026-08-27T18:19:22","modified_gmt":"2026-08-27T16:19:22","slug":"evenements-dentreprise","status":"publish","type":"page","link":"https:\/\/www.hotelcostabrava.com\/fr\/evenements-dentreprise\/","title":{"rendered":"\u00c9v\u00e9nements d&rsquo;entreprise"},"content":{"rendered":"\t\t<div data-elementor-type=\"wp-page\" data-elementor-id=\"10403\" class=\"elementor elementor-10403 elementor-10300\" data-elementor-post-type=\"page\">\n\t\t\t\t<div class=\"elementor-element elementor-element-a1d43da e-flex e-con-boxed e-con e-parent\" data-id=\"a1d43da\" data-element_type=\"container\" data-e-type=\"container\" data-settings=\"{&quot;background_background&quot;:&quot;classic&quot;}\">\n\t\t\t\t\t<div class=\"e-con-inner\">\n\t\t\t\t<div class=\"elementor-element elementor-element-09c8e54 elementor-widget elementor-widget-heading\" data-id=\"09c8e54\" data-element_type=\"widget\" data-e-type=\"widget\" data-widget_type=\"heading.default\">\n\t\t\t\t<div class=\"elementor-widget-container\">\n\t\t\t\t\t<h3 class=\"elementor-heading-title elementor-size-default\">\u00c9v\u00e9nements d\u2019entreprise<\/h3>\t\t\t\t<\/div>\n\t\t\t\t<\/div>\n\t\t\t\t<div class=\"elementor-element elementor-element-74a916a elementor-widget elementor-widget-heading\" data-id=\"74a916a\" data-element_type=\"widget\" data-e-type=\"widget\" data-widget_type=\"heading.default\">\n\t\t\t\t<div class=\"elementor-widget-container\">\n\t\t\t\t\t<h1 class=\"elementor-heading-title elementor-size-default\">\u00c9v\u00e9nements d\u2019entreprise \u00e0 l\u2019Hotel Costa Brava<\/h1>\t\t\t\t<\/div>\n\t\t\t\t<\/div>\n\t\t\t\t\t<\/div>\n\t\t\t\t<\/div>\n\t\t<div class=\"elementor-element elementor-element-ccf98e3 e-flex e-con-boxed e-con e-parent\" data-id=\"ccf98e3\" data-element_type=\"container\" data-e-type=\"container\" data-settings=\"{&quot;background_background&quot;:&quot;classic&quot;}\">\n\t\t\t\t\t<div class=\"e-con-inner\">\n\t\t\t\t<div class=\"elementor-element elementor-element-de81c38 elementor-widget elementor-widget-text-editor\" data-id=\"de81c38\" data-element_type=\"widget\" data-e-type=\"widget\" data-widget_type=\"text-editor.default\">\n\t\t\t\t<div class=\"elementor-widget-container\">\n\t\t\t\t\t\t\t\t\t<p class=\"PDq2pG_selectionAnchorContainer\" data-start=\"1189\" data-end=\"1605\">\u00c0 l\u2019Hotel Costa Brava, nous vous proposons diff\u00e9rents espaces exclusifs et polyvalents, con\u00e7us pour faire de vos \u00e9v\u00e9nements et r\u00e9unions d\u2019entreprise une v\u00e9ritable r\u00e9ussite. Toutes nos salles b\u00e9n\u00e9ficient de lumi\u00e8re naturelle, du Wi-Fi et de vues privil\u00e9gi\u00e9es sur la M\u00e9diterran\u00e9e. Elles sont id\u00e9ales aussi bien pour des s\u00e9ances de travail que pour des pauses-caf\u00e9 ou des rencontres plus informelles entre les sessions.<\/p><p data-start=\"1607\" data-end=\"1856\">Nous mettons \u00e9galement \u00e0 votre disposition notre service de restauration, avec des propositions gastronomiques du restaurant Aradi adapt\u00e9es aux besoins de chaque \u00e9v\u00e9nement, afin que chaque d\u00e9tail soit \u00e0 la hauteur de vos rencontres professionnelles.<\/p>\t\t\t\t\t\t\t\t<\/div>\n\t\t\t\t<\/div>\n\t\t\t\t\t<\/div>\n\t\t\t\t<\/div>\n\t\t<div class=\"elementor-element elementor-element-cb3e660 e-con-full e-flex e-con e-parent\" data-id=\"cb3e660\" data-element_type=\"container\" data-e-type=\"container\">\n\t\t<div class=\"elementor-element elementor-element-ef8fd08 e-con-full e-flex e-con e-child\" data-id=\"ef8fd08\" data-element_type=\"container\" data-e-type=\"container\" data-settings=\"{&quot;background_background&quot;:&quot;classic&quot;}\">\n\t\t\t\t<\/div>\n\t\t<div class=\"elementor-element elementor-element-1f84c8c e-con-full e-flex e-con e-child\" data-id=\"1f84c8c\" data-element_type=\"container\" data-e-type=\"container\">\n\t\t<div class=\"elementor-element elementor-element-6ef0792 e-con-full e-flex e-con e-child\" data-id=\"6ef0792\" data-element_type=\"container\" data-e-type=\"container\">\n\t\t\t\t<div class=\"elementor-element elementor-element-06dcdb9 elementor-widget elementor-widget-heading\" data-id=\"06dcdb9\" data-element_type=\"widget\" data-e-type=\"widget\" data-widget_type=\"heading.default\">\n\t\t\t\t<div class=\"elementor-widget-container\">\n\t\t\t\t\t<div class=\"elementor-heading-title elementor-size-default\">Salon Jordi Comas<\/div>\t\t\t\t<\/div>\n\t\t\t\t<\/div>\n\t\t\t\t<div class=\"elementor-element elementor-element-3f3ff79 elementor-widget elementor-widget-text-editor\" data-id=\"3f3ff79\" data-element_type=\"widget\" data-e-type=\"widget\" data-widget_type=\"text-editor.default\">\n\t\t\t\t<div class=\"elementor-widget-container\">\n\t\t\t\t\t\t\t\t\t<p class=\"PDq2pG_selectionAnchorContainer\" data-start=\"1214\" data-end=\"1409\">Il s\u2019agit du salon principal de l\u2019h\u00f4tel, offrant l\u2019une des vues les plus spectaculaires sur la M\u00e9diterran\u00e9e et la Platja Gran de Platja d\u2019Aro. Un espace id\u00e9al pour les \u00e9v\u00e9nements en petit comit\u00e9.<\/p><ul data-start=\"1411\" data-end=\"1675\"><li data-section-id=\"n5of6m\" data-start=\"1411\" data-end=\"1445\">Capacit\u00e9 : jusqu\u2019\u00e0 150 personnes<\/li><li data-section-id=\"z1iqvi\" data-start=\"1446\" data-end=\"1469\">Superficie : 160,9 m\u00b2<\/li><li data-section-id=\"1viqf7m\" data-start=\"1470\" data-end=\"1498\">Hauteur sous plafond : 3 m<\/li><li data-section-id=\"7nvuwr\" data-start=\"1499\" data-end=\"1527\">Lumi\u00e8re naturelle et Wi-Fi<\/li><li data-section-id=\"1e2hqof\" data-start=\"1528\" data-end=\"1675\">La location comprend le montage, un \u00e9cran, un vid\u00e9oprojecteur EPSON OPTOMA FullHD 2,4GB\/5GB, un paperboard, une sonorisation et du mat\u00e9riel audio<\/li><\/ul><p data-start=\"1677\" data-end=\"1702\">\u00a0<\/p><p data-start=\"1677\" data-end=\"1702\"><em>Capacit\u00e9s de l\u2019espace<\/em><\/p><ul data-start=\"1704\" data-end=\"1892\"><li data-section-id=\"18v11sv\" data-start=\"1704\" data-end=\"1741\">Disposition Th\u00e9\u00e2tre : 120 personnes<\/li><li data-section-id=\"q6ws\" data-start=\"1742\" data-end=\"1776\">Disposition \u00c9cole : 80 personnes<\/li><li data-section-id=\"w7az2s\" data-start=\"1777\" data-end=\"1814\">Disposition Banquet : 150 personnes<\/li><li data-section-id=\"1xsx34o\" data-start=\"1815\" data-end=\"1853\">Disposition Cocktail : 150 personnes<\/li><li data-section-id=\"1u5qklx\" data-start=\"1854\" data-end=\"1892\">Disposition Imp\u00e9riale : 56 personnes<\/li><\/ul>\t\t\t\t\t\t\t\t<\/div>\n\t\t\t\t<\/div>\n\t\t\t\t<\/div>\n\t\t\t\t<\/div>\n\t\t\t\t<\/div>\n\t\t<div class=\"elementor-element elementor-element-72ca5df e-con-full e-flex e-con e-parent\" data-id=\"72ca5df\" data-element_type=\"container\" data-e-type=\"container\">\n\t\t<div class=\"elementor-element elementor-element-a577b29 e-con-full e-flex e-con e-child\" data-id=\"a577b29\" data-element_type=\"container\" data-e-type=\"container\">\n\t\t<div class=\"elementor-element elementor-element-383c960 e-con-full e-flex e-con e-child\" data-id=\"383c960\" data-element_type=\"container\" data-e-type=\"container\">\n\t\t\t\t<div class=\"elementor-element elementor-element-b99479e elementor-widget elementor-widget-heading\" data-id=\"b99479e\" data-element_type=\"widget\" data-e-type=\"widget\" data-widget_type=\"heading.default\">\n\t\t\t\t<div class=\"elementor-widget-container\">\n\t\t\t\t\t<div class=\"elementor-heading-title elementor-size-default\">Salon Garb\u00ed<\/div>\t\t\t\t<\/div>\n\t\t\t\t<\/div>\n\t\t\t\t<div class=\"elementor-element elementor-element-c68d169 elementor-widget elementor-widget-text-editor\" data-id=\"c68d169\" data-element_type=\"widget\" data-e-type=\"widget\" data-widget_type=\"text-editor.default\">\n\t\t\t\t<div class=\"elementor-widget-container\">\n\t\t\t\t\t\t\t\t\t<p class=\"PDq2pG_selectionAnchorContainer\" data-start=\"1154\" data-end=\"1278\">Situ\u00e9 \u00e0 l\u2019int\u00e9rieur ou sur la terrasse, face \u00e0 la Platja Gran de Platja d\u2019Aro. Un espace polyvalent au charme m\u00e9diterran\u00e9en.<\/p><ul data-start=\"1280\" data-end=\"1582\"><li data-section-id=\"1t3ozv3\" data-start=\"1280\" data-end=\"1313\">Capacit\u00e9 : jusqu\u2019\u00e0 50 personnes<\/li><li data-section-id=\"5fhu6a\" data-start=\"1314\" data-end=\"1367\">Superficie : 75,95 m\u00b2 (salle + terrasse : 158,1 m\u00b2)<\/li><li data-section-id=\"1ybqybg\" data-start=\"1368\" data-end=\"1405\">Hauteur sous plafond : de 3 m \u00e0 2 m<\/li><li data-section-id=\"7nvuwr\" data-start=\"1406\" data-end=\"1434\">Lumi\u00e8re naturelle et Wi-Fi<\/li><li data-section-id=\"1e2hqof\" data-start=\"1435\" data-end=\"1582\">La location comprend le montage, un \u00e9cran, un vid\u00e9oprojecteur EPSON OPTOMA FullHD 2,4GB\/5GB, un paperboard, une sonorisation et du mat\u00e9riel audio<\/li><\/ul><p data-start=\"1584\" data-end=\"1609\">\u00a0<\/p><p data-start=\"1584\" data-end=\"1609\"><em>Capacit\u00e9s de l\u2019espace<\/em><\/p><ul data-start=\"1611\" data-end=\"1796\"><li data-section-id=\"d20tl\" data-start=\"1611\" data-end=\"1647\">Disposition Th\u00e9\u00e2tre : 36 personnes<\/li><li data-section-id=\"glcpul\" data-start=\"1648\" data-end=\"1682\">Disposition \u00c9cole : 18 personnes<\/li><li data-section-id=\"3fet1h\" data-start=\"1683\" data-end=\"1719\">Disposition Banquet : 50 personnes<\/li><li data-section-id=\"1bee5mx\" data-start=\"1720\" data-end=\"1757\">Disposition Cocktail : 50 personnes<\/li><li data-section-id=\"xptnw0\" data-start=\"1758\" data-end=\"1796\">Disposition Imp\u00e9riale : 24 personnes<\/li><\/ul>\t\t\t\t\t\t\t\t<\/div>\n\t\t\t\t<\/div>\n\t\t\t\t<\/div>\n\t\t\t\t<\/div>\n\t\t<div class=\"elementor-element elementor-element-16a65c6 e-con-full e-flex e-con e-child\" data-id=\"16a65c6\" data-element_type=\"container\" data-e-type=\"container\" data-settings=\"{&quot;background_background&quot;:&quot;classic&quot;}\">\n\t\t\t\t<\/div>\n\t\t\t\t<\/div>\n\t\t<div class=\"elementor-element elementor-element-b33c240 e-con-full e-flex e-con e-parent\" data-id=\"b33c240\" data-element_type=\"container\" data-e-type=\"container\">\n\t\t<div class=\"elementor-element elementor-element-bd2135f e-con-full e-flex e-con e-child\" data-id=\"bd2135f\" data-element_type=\"container\" data-e-type=\"container\" data-settings=\"{&quot;background_background&quot;:&quot;classic&quot;}\">\n\t\t\t\t<\/div>\n\t\t<div class=\"elementor-element elementor-element-0e97091 e-con-full e-flex e-con e-child\" data-id=\"0e97091\" data-element_type=\"container\" data-e-type=\"container\">\n\t\t<div class=\"elementor-element elementor-element-6b6c91c e-con-full e-flex e-con e-child\" data-id=\"6b6c91c\" data-element_type=\"container\" data-e-type=\"container\">\n\t\t\t\t<div class=\"elementor-element elementor-element-0c7dddf elementor-widget elementor-widget-heading\" data-id=\"0c7dddf\" data-element_type=\"widget\" data-e-type=\"widget\" data-widget_type=\"heading.default\">\n\t\t\t\t<div class=\"elementor-widget-container\">\n\t\t\t\t\t<div class=\"elementor-heading-title elementor-size-default\">Salon Cuixart<\/div>\t\t\t\t<\/div>\n\t\t\t\t<\/div>\n\t\t\t\t<div class=\"elementor-element elementor-element-a17452a elementor-widget elementor-widget-text-editor\" data-id=\"a17452a\" data-element_type=\"widget\" data-e-type=\"widget\" data-widget_type=\"text-editor.default\">\n\t\t\t\t<div class=\"elementor-widget-container\">\n\t\t\t\t\t\t\t\t\t<p class=\"PDq2pG_selectionAnchorContainer\" data-start=\"1173\" data-end=\"1395\">Baptis\u00e9 ainsi en m\u00e9moire de l\u2019artiste, cet espace est id\u00e9al pour profiter d\u2019une atmosph\u00e8re paisible, avec vue sur Cala Rovira et sa propre chemin\u00e9e en hiver. Il est parfait pour des r\u00e9unions plus intimistes et informelles.<\/p><ul data-start=\"1397\" data-end=\"1628\"><li data-section-id=\"a7phl3\" data-start=\"1397\" data-end=\"1420\">Superficie : 35,45 m\u00b2<\/li><li data-section-id=\"cq693u\" data-start=\"1421\" data-end=\"1451\">Hauteur sous plafond : 2,5 m<\/li><li data-section-id=\"7nvuwr\" data-start=\"1452\" data-end=\"1480\">Lumi\u00e8re naturelle et Wi-Fi<\/li><li data-section-id=\"1e2hqof\" data-start=\"1481\" data-end=\"1628\">La location comprend le montage, un \u00e9cran, un vid\u00e9oprojecteur EPSON OPTOMA FullHD 2,4GB\/5GB, un paperboard, une sonorisation et du mat\u00e9riel audio<\/li><\/ul><p data-start=\"1630\" data-end=\"1655\">\u00a0<\/p><p data-start=\"1630\" data-end=\"1655\"><em>Capacit\u00e9s de l\u2019espace<\/em><\/p><ul data-start=\"1657\" data-end=\"1842\"><li data-section-id=\"11s9gem\" data-start=\"1657\" data-end=\"1693\">Disposition Th\u00e9\u00e2tre : 20 personnes<\/li><li data-section-id=\"m17eqf\" data-start=\"1694\" data-end=\"1728\">Disposition \u00c9cole : 12 personnes<\/li><li data-section-id=\"5i1qea\" data-start=\"1729\" data-end=\"1765\">Disposition Banquet : 20 personnes<\/li><li data-section-id=\"1kyjf7z\" data-start=\"1766\" data-end=\"1803\">Disposition Cocktail : 30 personnes<\/li><li data-section-id=\"xptnw0\" data-start=\"1804\" data-end=\"1842\">Disposition Imp\u00e9riale : 24 personnes<\/li><\/ul>\t\t\t\t\t\t\t\t<\/div>\n\t\t\t\t<\/div>\n\t\t\t\t<\/div>\n\t\t\t\t<\/div>\n\t\t\t\t<\/div>\n\t\t<div class=\"elementor-element elementor-element-1e58d86 e-flex e-con-boxed e-con e-parent\" data-id=\"1e58d86\" data-element_type=\"container\" data-e-type=\"container\" data-settings=\"{&quot;background_background&quot;:&quot;classic&quot;}\">\n\t\t\t\t\t<div class=\"e-con-inner\">\n\t\t<div class=\"elementor-element elementor-element-3c855fc e-con-full e-flex e-con e-child\" data-id=\"3c855fc\" data-element_type=\"container\" data-e-type=\"container\">\n\t\t\t\t<div class=\"elementor-element elementor-element-05ae321 elementor-widget elementor-widget-text-editor\" data-id=\"05ae321\" data-element_type=\"widget\" data-e-type=\"widget\" data-widget_type=\"text-editor.default\">\n\t\t\t\t<div class=\"elementor-widget-container\">\n\t\t\t\t\t\t\t\t\t<p><span style=\"font-weight: 400;\">Contactez-nous : <\/span>\u00a0<a href=\"mailto:info@hotelcostabrava.com\">info@hotelcostabrava.com<\/a> \u00b7 <a href=\"tel:972 817 070\">972 817 070<\/a><\/p>\t\t\t\t\t\t\t\t<\/div>\n\t\t\t\t<\/div>\n\t\t\t\t<\/div>\n\t\t\t\t\t<\/div>\n\t\t\t\t<\/div>\n\t\t\t\t<\/div>\n\t\t","protected":false},"excerpt":{"rendered":"<p>\u00c9v\u00e9nements d\u2019entreprise \u00c9v\u00e9nements d\u2019entreprise \u00e0 l\u2019Hotel Costa Brava \u00c0 l\u2019Hotel Costa Brava, nous vous proposons diff\u00e9rents espaces exclusifs et polyvalents, con\u00e7us pour faire de vos \u00e9v\u00e9nements et r\u00e9unions d\u2019entreprise une v\u00e9ritable r\u00e9ussite. Toutes nos salles b\u00e9n\u00e9ficient de lumi\u00e8re naturelle, du Wi-Fi et de vues privil\u00e9gi\u00e9es sur la M\u00e9diterran\u00e9e. Elles sont id\u00e9ales aussi bien pour des&hellip;&nbsp;<\/p>\n","protected":false},"author":1,"featured_media":0,"parent":0,"menu_order":0,"comment_status":"closed","ping_status":"closed","template":"page-templates\/template-pagebuilder-full-width.php","meta":{"_acf_changed":false,"neve_meta_sidebar":"","neve_meta_container":"","neve_meta_enable_content_width":"off","neve_meta_content_width":100,"neve_meta_title_alignment":"","neve_meta_author_avatar":"","neve_post_elements_order":"","neve_meta_disable_header":"","neve_meta_disable_footer":"","neve_meta_disable_title":"","neve_meta_reading_time":"","footnotes":""},"class_list":["post-10403","page","type-page","status-publish","hentry"],"acf":[],"yoast_head":"<!-- This site is optimized with the Yoast SEO plugin v28.4 - https:\/\/yoast.com\/product\/yoast-seo-wordpress\/ -->\n<title>\u00c9v\u00e9nements d&#039;entreprise | Hotel Costa Brava<\/title>\n<meta name=\"robots\" content=\"index, follow, max-snippet:-1, max-image-preview:large, max-video-preview:-1\" \/>\n<link rel=\"canonical\" href=\"https:\/\/www.hotelcostabrava.com\/fr\/evenements-dentreprise\/\" \/>\n<meta property=\"og:locale\" content=\"fr_FR\" \/>\n<meta property=\"og:type\" content=\"article\" \/>\n<meta property=\"og:title\" content=\"\u00c9v\u00e9nements d&#039;entreprise | Hotel Costa Brava\" \/>\n<meta property=\"og:description\" content=\"\u00c9v\u00e9nements d\u2019entreprise \u00c9v\u00e9nements d\u2019entreprise \u00e0 l\u2019Hotel Costa Brava \u00c0 l\u2019Hotel Costa Brava, nous vous proposons diff\u00e9rents espaces exclusifs et polyvalents, con\u00e7us pour faire de vos \u00e9v\u00e9nements et r\u00e9unions d\u2019entreprise une v\u00e9ritable r\u00e9ussite. Toutes nos salles b\u00e9n\u00e9ficient de lumi\u00e8re naturelle, du Wi-Fi et de vues privil\u00e9gi\u00e9es sur la M\u00e9diterran\u00e9e. Elles sont id\u00e9ales aussi bien pour des&hellip;&nbsp;\" \/>\n<meta property=\"og:url\" content=\"https:\/\/www.hotelcostabrava.com\/fr\/evenements-dentreprise\/\" \/>\n<meta property=\"og:site_name\" content=\"Hotel Costa Brava\" \/>\n<meta property=\"article:modified_time\" content=\"2026-08-27T16:19:22+00:00\" \/>\n<meta property=\"og:image\" content=\"https:\/\/www.hotelcostabrava.com\/wp-content\/uploads\/2024\/04\/Aromar.jpg\" \/>\n\t<meta property=\"og:image:width\" content=\"1200\" \/>\n\t<meta property=\"og:image:height\" content=\"675\" \/>\n\t<meta property=\"og:image:type\" content=\"image\/jpeg\" \/>\n<meta name=\"twitter:card\" content=\"summary_large_image\" \/>\n<meta name=\"twitter:label1\" content=\"Dur\u00e9e de lecture estim\u00e9e\" \/>\n\t<meta name=\"twitter:data1\" content=\"3 minutes\" \/>\n<script type=\"application\/ld+json\" class=\"yoast-schema-graph\">{\"@context\":\"https:\\\/\\\/schema.org\",\"@graph\":[{\"@type\":\"WebPage\",\"@id\":\"https:\\\/\\\/www.hotelcostabrava.com\\\/fr\\\/evenements-dentreprise\\\/\",\"url\":\"https:\\\/\\\/www.hotelcostabrava.com\\\/fr\\\/evenements-dentreprise\\\/\",\"name\":\"\u00c9v\u00e9nements d'entreprise | Hotel Costa Brava\",\"isPartOf\":{\"@id\":\"https:\\\/\\\/www.hotelcostabrava.com\\\/fr\\\/#website\"},\"datePublished\":\"2026-08-17T10:29:07+00:00\",\"dateModified\":\"2026-08-27T16:19:22+00:00\",\"breadcrumb\":{\"@id\":\"https:\\\/\\\/www.hotelcostabrava.com\\\/fr\\\/evenements-dentreprise\\\/#breadcrumb\"},\"inLanguage\":\"fr-FR\",\"potentialAction\":[{\"@type\":\"ReadAction\",\"target\":[\"https:\\\/\\\/www.hotelcostabrava.com\\\/fr\\\/evenements-dentreprise\\\/\"]}]},{\"@type\":\"BreadcrumbList\",\"@id\":\"https:\\\/\\\/www.hotelcostabrava.com\\\/fr\\\/evenements-dentreprise\\\/#breadcrumb\",\"itemListElement\":[{\"@type\":\"ListItem\",\"position\":1,\"name\":\"Portada\",\"item\":\"https:\\\/\\\/www.hotelcostabrava.com\\\/fr\\\/\"},{\"@type\":\"ListItem\",\"position\":2,\"name\":\"\u00c9v\u00e9nements d&#8217;entreprise\"}]},{\"@type\":\"WebSite\",\"@id\":\"https:\\\/\\\/www.hotelcostabrava.com\\\/fr\\\/#website\",\"url\":\"https:\\\/\\\/www.hotelcostabrava.com\\\/fr\\\/\",\"name\":\"Aromar Hotels & Restaurants\",\"description\":\"Hotel a primera l\u00ednia de mar a Platja d&#039;Aro, Costa Brava\",\"publisher\":{\"@id\":\"https:\\\/\\\/www.hotelcostabrava.com\\\/fr\\\/#organization\"},\"alternateName\":\"Aromar Hotels & Restaurants\",\"potentialAction\":[{\"@type\":\"SearchAction\",\"target\":{\"@type\":\"EntryPoint\",\"urlTemplate\":\"https:\\\/\\\/www.hotelcostabrava.com\\\/fr\\\/?s={search_term_string}\"},\"query-input\":{\"@type\":\"PropertyValueSpecification\",\"valueRequired\":true,\"valueName\":\"search_term_string\"}}],\"inLanguage\":\"fr-FR\"},{\"@type\":\"Organization\",\"@id\":\"https:\\\/\\\/www.hotelcostabrava.com\\\/fr\\\/#organization\",\"name\":\"Aromar Hotels\",\"alternateName\":\"Aromar Hotels\",\"url\":\"https:\\\/\\\/www.hotelcostabrava.com\\\/fr\\\/\",\"logo\":{\"@type\":\"ImageObject\",\"inLanguage\":\"fr-FR\",\"@id\":\"https:\\\/\\\/www.hotelcostabrava.com\\\/fr\\\/#\\\/schema\\\/logo\\\/image\\\/\",\"url\":\"https:\\\/\\\/www.hotelcostabrava.com\\\/wp-content\\\/uploads\\\/2024\\\/04\\\/Aromar-2.jpg\",\"contentUrl\":\"https:\\\/\\\/www.hotelcostabrava.com\\\/wp-content\\\/uploads\\\/2024\\\/04\\\/Aromar-2.jpg\",\"width\":696,\"height\":696,\"caption\":\"Aromar Hotels\"},\"image\":{\"@id\":\"https:\\\/\\\/www.hotelcostabrava.com\\\/fr\\\/#\\\/schema\\\/logo\\\/image\\\/\"}}]}<\/script>\n<!-- \/ Yoast SEO plugin. -->","yoast_head_json":{"title":"\u00c9v\u00e9nements d'entreprise | Hotel Costa Brava","robots":{"index":"index","follow":"follow","max-snippet":"max-snippet:-1","max-image-preview":"max-image-preview:large","max-video-preview":"max-video-preview:-1"},"canonical":"https:\/\/www.hotelcostabrava.com\/fr\/evenements-dentreprise\/","og_locale":"fr_FR","og_type":"article","og_title":"\u00c9v\u00e9nements d'entreprise | Hotel Costa Brava","og_description":"\u00c9v\u00e9nements d\u2019entreprise \u00c9v\u00e9nements d\u2019entreprise \u00e0 l\u2019Hotel Costa Brava \u00c0 l\u2019Hotel Costa Brava, nous vous proposons diff\u00e9rents espaces exclusifs et polyvalents, con\u00e7us pour faire de vos \u00e9v\u00e9nements et r\u00e9unions d\u2019entreprise une v\u00e9ritable r\u00e9ussite. Toutes nos salles b\u00e9n\u00e9ficient de lumi\u00e8re naturelle, du Wi-Fi et de vues privil\u00e9gi\u00e9es sur la M\u00e9diterran\u00e9e. Elles sont id\u00e9ales aussi bien pour des&hellip;&nbsp;","og_url":"https:\/\/www.hotelcostabrava.com\/fr\/evenements-dentreprise\/","og_site_name":"Hotel Costa Brava","article_modified_time":"2026-08-27T16:19:22+00:00","og_image":[{"width":1200,"height":675,"url":"https:\/\/www.hotelcostabrava.com\/wp-content\/uploads\/2024\/04\/Aromar.jpg","type":"image\/jpeg"}],"twitter_card":"summary_large_image","twitter_misc":{"Dur\u00e9e de lecture estim\u00e9e":"3 minutes"},"schema":{"@context":"https:\/\/schema.org","@graph":[{"@type":"WebPage","@id":"https:\/\/www.hotelcostabrava.com\/fr\/evenements-dentreprise\/","url":"https:\/\/www.hotelcostabrava.com\/fr\/evenements-dentreprise\/","name":"\u00c9v\u00e9nements d'entreprise | Hotel Costa Brava","isPartOf":{"@id":"https:\/\/www.hotelcostabrava.com\/fr\/#website"},"datePublished":"2026-08-17T10:29:07+00:00","dateModified":"2026-08-27T16:19:22+00:00","breadcrumb":{"@id":"https:\/\/www.hotelcostabrava.com\/fr\/evenements-dentreprise\/#breadcrumb"},"inLanguage":"fr-FR","potentialAction":[{"@type":"ReadAction","target":["https:\/\/www.hotelcostabrava.com\/fr\/evenements-dentreprise\/"]}]},{"@type":"BreadcrumbList","@id":"https:\/\/www.hotelcostabrava.com\/fr\/evenements-dentreprise\/#breadcrumb","itemListElement":[{"@type":"ListItem","position":1,"name":"Portada","item":"https:\/\/www.hotelcostabrava.com\/fr\/"},{"@type":"ListItem","position":2,"name":"\u00c9v\u00e9nements d&#8217;entreprise"}]},{"@type":"WebSite","@id":"https:\/\/www.hotelcostabrava.com\/fr\/#website","url":"https:\/\/www.hotelcostabrava.com\/fr\/","name":"Aromar Hotels & Restaurants","description":"Hotel a primera l\u00ednia de mar a Platja d&#039;Aro, Costa Brava","publisher":{"@id":"https:\/\/www.hotelcostabrava.com\/fr\/#organization"},"alternateName":"Aromar Hotels & Restaurants","potentialAction":[{"@type":"SearchAction","target":{"@type":"EntryPoint","urlTemplate":"https:\/\/www.hotelcostabrava.com\/fr\/?s={search_term_string}"},"query-input":{"@type":"PropertyValueSpecification","valueRequired":true,"valueName":"search_term_string"}}],"inLanguage":"fr-FR"},{"@type":"Organization","@id":"https:\/\/www.hotelcostabrava.com\/fr\/#organization","name":"Aromar Hotels","alternateName":"Aromar Hotels","url":"https:\/\/www.hotelcostabrava.com\/fr\/","logo":{"@type":"ImageObject","inLanguage":"fr-FR","@id":"https:\/\/www.hotelcostabrava.com\/fr\/#\/schema\/logo\/image\/","url":"https:\/\/www.hotelcostabrava.com\/wp-content\/uploads\/2024\/04\/Aromar-2.jpg","contentUrl":"https:\/\/www.hotelcostabrava.com\/wp-content\/uploads\/2024\/04\/Aromar-2.jpg","width":696,"height":696,"caption":"Aromar Hotels"},"image":{"@id":"https:\/\/www.hotelcostabrava.com\/fr\/#\/schema\/logo\/image\/"}}]}},"_links":{"self":[{"href":"https:\/\/www.hotelcostabrava.com\/fr\/wp-json\/wp\/v2\/pages\/10403","targetHints":{"allow":["GET"]}}],"collection":[{"href":"https:\/\/www.hotelcostabrava.com\/fr\/wp-json\/wp\/v2\/pages"}],"about":[{"href":"https:\/\/www.hotelcostabrava.com\/fr\/wp-json\/wp\/v2\/types\/page"}],"author":[{"embeddable":true,"href":"https:\/\/www.hotelcostabrava.com\/fr\/wp-json\/wp\/v2\/users\/1"}],"replies":[{"embeddable":true,"href":"https:\/\/www.hotelcostabrava.com\/fr\/wp-json\/wp\/v2\/comments?post=10403"}],"version-history":[{"count":10,"href":"https:\/\/www.hotelcostabrava.com\/fr\/wp-json\/wp\/v2\/pages\/10403\/revisions"}],"predecessor-version":[{"id":11827,"href":"https:\/\/www.hotelcostabrava.com\/fr\/wp-json\/wp\/v2\/pages\/10403\/revisions\/11827"}],"wp:attachment":[{"href":"https:\/\/www.hotelcostabrava.com\/fr\/wp-json\/wp\/v2\/media?parent=10403"}],"curies":[{"name":"wp","href":"https:\/\/api.w.org\/{rel}","templated":true}]}}