{"id":10407,"date":"2026-08-17T12:29:07","date_gmt":"2026-08-17T10:29:07","guid":{"rendered":"https:\/\/www.hotelcostabrava.com\/esdeveniments-corporatius\/"},"modified":"2026-08-27T18:16:17","modified_gmt":"2026-08-27T16:16:17","slug":"eventos-corporativos","status":"publish","type":"page","link":"https:\/\/www.hotelcostabrava.com\/es\/eventos-corporativos\/","title":{"rendered":"Eventos Corporativos"},"content":{"rendered":"\t\t<div data-elementor-type=\"wp-page\" data-elementor-id=\"10407\" class=\"elementor elementor-10407 elementor-10300\" data-elementor-post-type=\"page\">\n\t\t\t\t<div class=\"elementor-element elementor-element-a1d43da e-flex e-con-boxed e-con e-parent\" data-id=\"a1d43da\" data-element_type=\"container\" data-e-type=\"container\" data-settings=\"{&quot;background_background&quot;:&quot;classic&quot;}\">\n\t\t\t\t\t<div class=\"e-con-inner\">\n\t\t\t\t<div class=\"elementor-element elementor-element-09c8e54 elementor-widget elementor-widget-heading\" data-id=\"09c8e54\" data-element_type=\"widget\" data-e-type=\"widget\" data-widget_type=\"heading.default\">\n\t\t\t\t<div class=\"elementor-widget-container\">\n\t\t\t\t\t<h3 class=\"elementor-heading-title elementor-size-default\">Eventos Corporativos<\/h3>\t\t\t\t<\/div>\n\t\t\t\t<\/div>\n\t\t\t\t<div class=\"elementor-element elementor-element-74a916a elementor-widget elementor-widget-heading\" data-id=\"74a916a\" data-element_type=\"widget\" data-e-type=\"widget\" data-widget_type=\"heading.default\">\n\t\t\t\t<div class=\"elementor-widget-container\">\n\t\t\t\t\t<h1 class=\"elementor-heading-title elementor-size-default\">Eventos corporativos en el Hotel Costa Brava<\/h1>\t\t\t\t<\/div>\n\t\t\t\t<\/div>\n\t\t\t\t\t<\/div>\n\t\t\t\t<\/div>\n\t\t<div class=\"elementor-element elementor-element-ccf98e3 e-flex e-con-boxed e-con e-parent\" data-id=\"ccf98e3\" data-element_type=\"container\" data-e-type=\"container\" data-settings=\"{&quot;background_background&quot;:&quot;classic&quot;}\">\n\t\t\t\t\t<div class=\"e-con-inner\">\n\t\t\t\t<div class=\"elementor-element elementor-element-de81c38 elementor-widget elementor-widget-text-editor\" data-id=\"de81c38\" data-element_type=\"widget\" data-e-type=\"widget\" data-widget_type=\"text-editor.default\">\n\t\t\t\t<div class=\"elementor-widget-container\">\n\t\t\t\t\t\t\t\t\t<p><span style=\"font-weight: 400;\">En el Hotel Costa Brava te ofrecemos diversos espacios exclusivos y polivalentes, pensados para que tus eventos y reuniones de empresa sean todo un \u00e9xito. Todos nuestros salones cuentan con luz natural, wifi y vistas privilegiadas al Mediterr\u00e1neo, ideales tanto para sesiones de trabajo como para coffee breaks o encuentros m\u00e1s informales entre sesiones.<\/span><\/p><p><span style=\"font-weight: 400;\">Adem\u00e1s, ponemos a tu disposici\u00f3n nuestro servicio de restauraci\u00f3n, con propuestas gastron\u00f3micas del restaurante Aradi que se adaptan a las necesidades de cada evento, para que cada detalle est\u00e9 a la altura de tus encuentros profesionales.<\/span><\/p>\t\t\t\t\t\t\t\t<\/div>\n\t\t\t\t<\/div>\n\t\t\t\t\t<\/div>\n\t\t\t\t<\/div>\n\t\t<div class=\"elementor-element elementor-element-cb3e660 e-con-full e-flex e-con e-parent\" data-id=\"cb3e660\" data-element_type=\"container\" data-e-type=\"container\">\n\t\t<div class=\"elementor-element elementor-element-ef8fd08 e-con-full e-flex e-con e-child\" data-id=\"ef8fd08\" data-element_type=\"container\" data-e-type=\"container\" data-settings=\"{&quot;background_background&quot;:&quot;classic&quot;}\">\n\t\t\t\t<\/div>\n\t\t<div class=\"elementor-element elementor-element-1f84c8c e-con-full e-flex e-con e-child\" data-id=\"1f84c8c\" data-element_type=\"container\" data-e-type=\"container\">\n\t\t<div class=\"elementor-element elementor-element-6ef0792 e-con-full e-flex e-con e-child\" data-id=\"6ef0792\" data-element_type=\"container\" data-e-type=\"container\">\n\t\t\t\t<div class=\"elementor-element elementor-element-06dcdb9 elementor-widget elementor-widget-heading\" data-id=\"06dcdb9\" data-element_type=\"widget\" data-e-type=\"widget\" data-widget_type=\"heading.default\">\n\t\t\t\t<div class=\"elementor-widget-container\">\n\t\t\t\t\t<div class=\"elementor-heading-title elementor-size-default\">Sal\u00f3n Jordi Comas<\/div>\t\t\t\t<\/div>\n\t\t\t\t<\/div>\n\t\t\t\t<div class=\"elementor-element elementor-element-3f3ff79 elementor-widget elementor-widget-text-editor\" data-id=\"3f3ff79\" data-element_type=\"widget\" data-e-type=\"widget\" data-widget_type=\"text-editor.default\">\n\t\t\t\t<div class=\"elementor-widget-container\">\n\t\t\t\t\t\t\t\t\t<p><span style=\"font-weight: 400;\">Es el sal\u00f3n central del hotel, con una de las vistas m\u00e1s espectaculares sobre el Mediterr\u00e1neo y la Platja Gran de Platja d&#8217;Aro. Un espacio ideal para eventos de peque\u00f1o formato.<\/span><\/p><ul><li style=\"list-style-type: none;\"><ul><li style=\"list-style-type: none;\"><ul><li style=\"font-weight: 400; text-align: left;\" aria-level=\"1\"><span style=\"font-weight: 400;\">Capacidad: hasta 150 personas<\/span><\/li><li style=\"font-weight: 400; text-align: left;\" aria-level=\"1\"><span style=\"font-weight: 400;\">Superficie: 160,9 m\u00b2<\/span><\/li><li style=\"font-weight: 400; text-align: left;\" aria-level=\"1\"><span style=\"font-weight: 400;\">Altura: 3 m<\/span><\/li><li style=\"font-weight: 400; text-align: left;\" aria-level=\"1\"><span style=\"font-weight: 400;\">Luz natural y wifi<\/span><\/li><li style=\"font-weight: 400; text-align: left;\" aria-level=\"1\"><span style=\"font-weight: 400;\">El alquiler incluye montaje, pantalla, proyector EPSON OPTOMA FullHD 2,4GB\/5GB, flipchart, megafon\u00eda y sonido<\/span><\/li><\/ul><\/li><\/ul><\/li><\/ul><p>\u00a0<\/p><p><i><span style=\"font-weight: 400;\">Capacidades del espacio<\/span><\/i><\/p><ul><li style=\"list-style-type: none;\"><ul><li style=\"list-style-type: none;\"><ul><li style=\"font-weight: 400; text-align: left;\" aria-level=\"1\"><span style=\"font-weight: 400;\">Formato Teatro: 120 personas<\/span><\/li><li style=\"font-weight: 400; text-align: left;\" aria-level=\"1\"><span style=\"font-weight: 400;\">Formato Escuela: 80 personas<\/span><\/li><li style=\"font-weight: 400; text-align: left;\" aria-level=\"1\"><span style=\"font-weight: 400;\">Formato Banquete: 150 personas<\/span><\/li><li style=\"font-weight: 400; text-align: left;\" aria-level=\"1\"><span style=\"font-weight: 400;\">Formato C\u00f3ctel: 150 personas<\/span><\/li><li style=\"font-weight: 400; text-align: left;\" aria-level=\"1\"><span style=\"font-weight: 400;\">Formato Imperial: 56 personas<\/span><\/li><\/ul><\/li><\/ul><\/li><\/ul>\t\t\t\t\t\t\t\t<\/div>\n\t\t\t\t<\/div>\n\t\t\t\t<\/div>\n\t\t\t\t<\/div>\n\t\t\t\t<\/div>\n\t\t<div class=\"elementor-element elementor-element-72ca5df e-con-full e-flex e-con e-parent\" data-id=\"72ca5df\" data-element_type=\"container\" data-e-type=\"container\">\n\t\t<div class=\"elementor-element elementor-element-a577b29 e-con-full e-flex e-con e-child\" data-id=\"a577b29\" data-element_type=\"container\" data-e-type=\"container\">\n\t\t<div class=\"elementor-element elementor-element-383c960 e-con-full e-flex e-con e-child\" data-id=\"383c960\" data-element_type=\"container\" data-e-type=\"container\">\n\t\t\t\t<div class=\"elementor-element elementor-element-b99479e elementor-widget elementor-widget-heading\" data-id=\"b99479e\" data-element_type=\"widget\" data-e-type=\"widget\" data-widget_type=\"heading.default\">\n\t\t\t\t<div class=\"elementor-widget-container\">\n\t\t\t\t\t<div class=\"elementor-heading-title elementor-size-default\">Sal\u00f3n Garb\u00ed<\/div>\t\t\t\t<\/div>\n\t\t\t\t<\/div>\n\t\t\t\t<div class=\"elementor-element elementor-element-c68d169 elementor-widget elementor-widget-text-editor\" data-id=\"c68d169\" data-element_type=\"widget\" data-e-type=\"widget\" data-widget_type=\"text-editor.default\">\n\t\t\t\t<div class=\"elementor-widget-container\">\n\t\t\t\t\t\t\t\t\t<p><span style=\"font-weight: 400;\">Situado en el interior o en la terraza, frente a la Platja Gran de Platja d&#8217;Aro. Un espacio vers\u00e1til con encanto mediterr\u00e1neo.<\/span><\/p><ul><li style=\"list-style-type: none;\"><ul><li style=\"list-style-type: none;\"><ul><li style=\"font-weight: 400; text-align: left;\" aria-level=\"1\"><span style=\"font-weight: 400;\">Capacidad: hasta 50 personas<\/span><\/li><li style=\"font-weight: 400; text-align: left;\" aria-level=\"1\"><span style=\"font-weight: 400;\">Superficie: 75,95 m\u00b2 (sala + terraza: 158,1 m\u00b2)<\/span><\/li><li style=\"font-weight: 400; text-align: left;\" aria-level=\"1\"><span style=\"font-weight: 400;\">Altura: de 3 m a 2 m<\/span><\/li><li style=\"font-weight: 400; text-align: left;\" aria-level=\"1\"><span style=\"font-weight: 400;\">Luz natural y wifi<\/span><\/li><li style=\"font-weight: 400; text-align: left;\" aria-level=\"1\"><span style=\"font-weight: 400;\">El alquiler incluye montaje, pantalla, proyector EPSON OPTOMA FullHD 2,4GB\/5GB, flipchart, megafon\u00eda y sonido<\/span><\/li><\/ul><\/li><\/ul><\/li><\/ul><p>\u00a0<\/p><p><i><span style=\"font-weight: 400;\">Capacidades del espacio<\/span><\/i><\/p><ul><li style=\"list-style-type: none;\"><ul><li style=\"list-style-type: none;\"><ul><li style=\"font-weight: 400; text-align: left;\" aria-level=\"1\"><span style=\"font-weight: 400;\">Formato Teatro: 36 personas<\/span><\/li><li style=\"font-weight: 400; text-align: left;\" aria-level=\"1\"><span style=\"font-weight: 400;\">Formato Escuela: 18 personas<\/span><\/li><li style=\"font-weight: 400; text-align: left;\" aria-level=\"1\"><span style=\"font-weight: 400;\">Formato Banquete: 50 personas<\/span><\/li><li style=\"font-weight: 400; text-align: left;\" aria-level=\"1\"><span style=\"font-weight: 400;\">Formato C\u00f3ctel: 50 personas<\/span><\/li><li style=\"font-weight: 400; text-align: left;\" aria-level=\"1\"><span style=\"font-weight: 400;\">Formato Imperial: 24 personas<\/span><\/li><\/ul><\/li><\/ul><\/li><\/ul>\t\t\t\t\t\t\t\t<\/div>\n\t\t\t\t<\/div>\n\t\t\t\t<\/div>\n\t\t\t\t<\/div>\n\t\t<div class=\"elementor-element elementor-element-16a65c6 e-con-full e-flex e-con e-child\" data-id=\"16a65c6\" data-element_type=\"container\" data-e-type=\"container\" data-settings=\"{&quot;background_background&quot;:&quot;classic&quot;}\">\n\t\t\t\t<\/div>\n\t\t\t\t<\/div>\n\t\t<div class=\"elementor-element elementor-element-b33c240 e-con-full e-flex e-con e-parent\" data-id=\"b33c240\" data-element_type=\"container\" data-e-type=\"container\">\n\t\t<div class=\"elementor-element elementor-element-bd2135f e-con-full e-flex e-con e-child\" data-id=\"bd2135f\" data-element_type=\"container\" data-e-type=\"container\" data-settings=\"{&quot;background_background&quot;:&quot;classic&quot;}\">\n\t\t\t\t<\/div>\n\t\t<div class=\"elementor-element elementor-element-0e97091 e-con-full e-flex e-con e-child\" data-id=\"0e97091\" data-element_type=\"container\" data-e-type=\"container\">\n\t\t<div class=\"elementor-element elementor-element-6b6c91c e-con-full e-flex e-con e-child\" data-id=\"6b6c91c\" data-element_type=\"container\" data-e-type=\"container\">\n\t\t\t\t<div class=\"elementor-element elementor-element-0c7dddf elementor-widget elementor-widget-heading\" data-id=\"0c7dddf\" data-element_type=\"widget\" data-e-type=\"widget\" data-widget_type=\"heading.default\">\n\t\t\t\t<div class=\"elementor-widget-container\">\n\t\t\t\t\t<div class=\"elementor-heading-title elementor-size-default\">Sal\u00f3n Cuixart<\/div>\t\t\t\t<\/div>\n\t\t\t\t<\/div>\n\t\t\t\t<div class=\"elementor-element elementor-element-a17452a elementor-widget elementor-widget-text-editor\" data-id=\"a17452a\" data-element_type=\"widget\" data-e-type=\"widget\" data-widget_type=\"text-editor.default\">\n\t\t\t\t<div class=\"elementor-widget-container\">\n\t\t\t\t\t\t\t\t\t<p><span style=\"font-weight: 400;\">Bautizado as\u00ed en memoria del artista, es un espacio ideal para disfrutar de la tranquilidad, con vistas a Cala Rovira y chimenea propia en invierno, perfecto para reuniones m\u00e1s reducidas e informales.<\/span><\/p><ul><li style=\"list-style-type: none;\"><ul><li style=\"list-style-type: none;\"><ul><li style=\"font-weight: 400; text-align: left;\" aria-level=\"1\"><span style=\"font-weight: 400;\">Superficie: 35,45 m\u00b2<\/span><\/li><li style=\"font-weight: 400; text-align: left;\" aria-level=\"1\"><span style=\"font-weight: 400;\">Altura: 2,5 m<\/span><\/li><li style=\"font-weight: 400; text-align: left;\" aria-level=\"1\"><span style=\"font-weight: 400;\">Luz natural y wifi<\/span><\/li><li style=\"font-weight: 400; text-align: left;\" aria-level=\"1\"><span style=\"font-weight: 400;\">El alquiler incluye montaje, pantalla, proyector EPSON OPTOMA FullHD 2,4GB\/5GB, flipchart, megafon\u00eda y sonido<\/span><\/li><\/ul><\/li><\/ul><\/li><\/ul><p>\u00a0<\/p><p><i><span style=\"font-weight: 400;\">Capacidades del espacio<\/span><\/i><\/p><ul><li style=\"list-style-type: none;\"><ul><li style=\"list-style-type: none;\"><ul><li style=\"font-weight: 400; text-align: left;\" aria-level=\"1\"><span style=\"font-weight: 400;\">Formato Teatro: 20 personas<\/span><\/li><li style=\"font-weight: 400; text-align: left;\" aria-level=\"1\"><span style=\"font-weight: 400;\">Formato Escuela: 12 personas<\/span><\/li><li style=\"font-weight: 400; text-align: left;\" aria-level=\"1\"><span style=\"font-weight: 400;\">Formato Banquete: 20 personas<\/span><\/li><li style=\"font-weight: 400; text-align: left;\" aria-level=\"1\"><span style=\"font-weight: 400;\">Formato C\u00f3ctel: 30 personas<\/span><\/li><li style=\"font-weight: 400; text-align: left;\" aria-level=\"1\"><span style=\"font-weight: 400;\">Formato Imperial: 24 personas<\/span><\/li><\/ul><\/li><\/ul><\/li><\/ul>\t\t\t\t\t\t\t\t<\/div>\n\t\t\t\t<\/div>\n\t\t\t\t<\/div>\n\t\t\t\t<\/div>\n\t\t\t\t<\/div>\n\t\t<div class=\"elementor-element elementor-element-1e58d86 e-flex e-con-boxed e-con e-parent\" data-id=\"1e58d86\" data-element_type=\"container\" data-e-type=\"container\" data-settings=\"{&quot;background_background&quot;:&quot;classic&quot;}\">\n\t\t\t\t\t<div class=\"e-con-inner\">\n\t\t<div class=\"elementor-element elementor-element-3c855fc e-con-full e-flex e-con e-child\" data-id=\"3c855fc\" data-element_type=\"container\" data-e-type=\"container\">\n\t\t\t\t<div class=\"elementor-element elementor-element-05ae321 elementor-widget elementor-widget-text-editor\" data-id=\"05ae321\" data-element_type=\"widget\" data-e-type=\"widget\" data-widget_type=\"text-editor.default\">\n\t\t\t\t<div class=\"elementor-widget-container\">\n\t\t\t\t\t\t\t\t\t<p><span style=\"font-weight: 400;\">Ponte en contacto con nosotros: <\/span>\u00a0<a href=\"mailto:info@hotelcostabrava.com\">info@hotelcostabrava.com<\/a> \u00b7 <a href=\"tel:972 817 070\">972 817 070<\/a><\/p>\t\t\t\t\t\t\t\t<\/div>\n\t\t\t\t<\/div>\n\t\t\t\t<\/div>\n\t\t\t\t\t<\/div>\n\t\t\t\t<\/div>\n\t\t\t\t<\/div>\n\t\t","protected":false},"excerpt":{"rendered":"<p>Eventos Corporativos Eventos corporativos en el Hotel Costa Brava En el Hotel Costa Brava te ofrecemos diversos espacios exclusivos y polivalentes, pensados para que tus eventos y reuniones de empresa sean todo un \u00e9xito. Todos nuestros salones cuentan con luz natural, wifi y vistas privilegiadas al Mediterr\u00e1neo, ideales tanto para sesiones de trabajo como para&hellip;&nbsp;<\/p>\n","protected":false},"author":1,"featured_media":0,"parent":0,"menu_order":0,"comment_status":"closed","ping_status":"closed","template":"page-templates\/template-pagebuilder-full-width.php","meta":{"_acf_changed":false,"neve_meta_sidebar":"","neve_meta_container":"","neve_meta_enable_content_width":"off","neve_meta_content_width":100,"neve_meta_title_alignment":"","neve_meta_author_avatar":"","neve_post_elements_order":"","neve_meta_disable_header":"","neve_meta_disable_footer":"","neve_meta_disable_title":"","neve_meta_reading_time":"","footnotes":""},"class_list":["post-10407","page","type-page","status-publish","hentry"],"acf":[],"yoast_head":"<!-- This site is optimized with the Yoast SEO plugin v28.4 - https:\/\/yoast.com\/product\/yoast-seo-wordpress\/ -->\n<title>Eventos Corporativos | Hotel Costa Brava<\/title>\n<meta name=\"robots\" content=\"index, follow, max-snippet:-1, max-image-preview:large, max-video-preview:-1\" \/>\n<link rel=\"canonical\" href=\"https:\/\/www.hotelcostabrava.com\/es\/eventos-corporativos\/\" \/>\n<meta property=\"og:locale\" content=\"es_ES\" \/>\n<meta property=\"og:type\" content=\"article\" \/>\n<meta property=\"og:title\" content=\"Eventos Corporativos | Hotel Costa Brava\" \/>\n<meta property=\"og:description\" content=\"Eventos Corporativos Eventos corporativos en el Hotel Costa Brava En el Hotel Costa Brava te ofrecemos diversos espacios exclusivos y polivalentes, pensados para que tus eventos y reuniones de empresa sean todo un \u00e9xito. Todos nuestros salones cuentan con luz natural, wifi y vistas privilegiadas al Mediterr\u00e1neo, ideales tanto para sesiones de trabajo como para&hellip;&nbsp;\" \/>\n<meta property=\"og:url\" content=\"https:\/\/www.hotelcostabrava.com\/es\/eventos-corporativos\/\" \/>\n<meta property=\"og:site_name\" content=\"Hotel Costa Brava\" \/>\n<meta property=\"article:modified_time\" content=\"2026-08-27T16:16:17+00:00\" \/>\n<meta property=\"og:image\" content=\"https:\/\/www.hotelcostabrava.com\/wp-content\/uploads\/2024\/04\/Aromar.jpg\" \/>\n\t<meta property=\"og:image:width\" content=\"1200\" \/>\n\t<meta property=\"og:image:height\" content=\"675\" \/>\n\t<meta property=\"og:image:type\" content=\"image\/jpeg\" \/>\n<meta name=\"twitter:card\" content=\"summary_large_image\" \/>\n<meta name=\"twitter:label1\" content=\"Tiempo de lectura\" \/>\n\t<meta name=\"twitter:data1\" content=\"2 minutos\" \/>\n<script type=\"application\/ld+json\" class=\"yoast-schema-graph\">{\"@context\":\"https:\\\/\\\/schema.org\",\"@graph\":[{\"@type\":\"WebPage\",\"@id\":\"https:\\\/\\\/www.hotelcostabrava.com\\\/es\\\/eventos-corporativos\\\/\",\"url\":\"https:\\\/\\\/www.hotelcostabrava.com\\\/es\\\/eventos-corporativos\\\/\",\"name\":\"Eventos Corporativos | Hotel Costa Brava\",\"isPartOf\":{\"@id\":\"https:\\\/\\\/www.hotelcostabrava.com\\\/es\\\/#website\"},\"datePublished\":\"2026-08-17T10:29:07+00:00\",\"dateModified\":\"2026-08-27T16:16:17+00:00\",\"breadcrumb\":{\"@id\":\"https:\\\/\\\/www.hotelcostabrava.com\\\/es\\\/eventos-corporativos\\\/#breadcrumb\"},\"inLanguage\":\"es\",\"potentialAction\":[{\"@type\":\"ReadAction\",\"target\":[\"https:\\\/\\\/www.hotelcostabrava.com\\\/es\\\/eventos-corporativos\\\/\"]}]},{\"@type\":\"BreadcrumbList\",\"@id\":\"https:\\\/\\\/www.hotelcostabrava.com\\\/es\\\/eventos-corporativos\\\/#breadcrumb\",\"itemListElement\":[{\"@type\":\"ListItem\",\"position\":1,\"name\":\"Portada\",\"item\":\"https:\\\/\\\/www.hotelcostabrava.com\\\/es\\\/\"},{\"@type\":\"ListItem\",\"position\":2,\"name\":\"Eventos Corporativos\"}]},{\"@type\":\"WebSite\",\"@id\":\"https:\\\/\\\/www.hotelcostabrava.com\\\/es\\\/#website\",\"url\":\"https:\\\/\\\/www.hotelcostabrava.com\\\/es\\\/\",\"name\":\"Aromar Hotels & Restaurants\",\"description\":\"Hotel a primera l\u00ednia de mar a Platja d&#039;Aro, Costa Brava\",\"publisher\":{\"@id\":\"https:\\\/\\\/www.hotelcostabrava.com\\\/es\\\/#organization\"},\"alternateName\":\"Aromar Hotels & Restaurants\",\"potentialAction\":[{\"@type\":\"SearchAction\",\"target\":{\"@type\":\"EntryPoint\",\"urlTemplate\":\"https:\\\/\\\/www.hotelcostabrava.com\\\/es\\\/?s={search_term_string}\"},\"query-input\":{\"@type\":\"PropertyValueSpecification\",\"valueRequired\":true,\"valueName\":\"search_term_string\"}}],\"inLanguage\":\"es\"},{\"@type\":\"Organization\",\"@id\":\"https:\\\/\\\/www.hotelcostabrava.com\\\/es\\\/#organization\",\"name\":\"Aromar Hotels\",\"alternateName\":\"Aromar Hotels\",\"url\":\"https:\\\/\\\/www.hotelcostabrava.com\\\/es\\\/\",\"logo\":{\"@type\":\"ImageObject\",\"inLanguage\":\"es\",\"@id\":\"https:\\\/\\\/www.hotelcostabrava.com\\\/es\\\/#\\\/schema\\\/logo\\\/image\\\/\",\"url\":\"https:\\\/\\\/www.hotelcostabrava.com\\\/wp-content\\\/uploads\\\/2024\\\/04\\\/Aromar-2.jpg\",\"contentUrl\":\"https:\\\/\\\/www.hotelcostabrava.com\\\/wp-content\\\/uploads\\\/2024\\\/04\\\/Aromar-2.jpg\",\"width\":696,\"height\":696,\"caption\":\"Aromar Hotels\"},\"image\":{\"@id\":\"https:\\\/\\\/www.hotelcostabrava.com\\\/es\\\/#\\\/schema\\\/logo\\\/image\\\/\"}}]}<\/script>\n<!-- \/ Yoast SEO plugin. -->","yoast_head_json":{"title":"Eventos Corporativos | Hotel Costa Brava","robots":{"index":"index","follow":"follow","max-snippet":"max-snippet:-1","max-image-preview":"max-image-preview:large","max-video-preview":"max-video-preview:-1"},"canonical":"https:\/\/www.hotelcostabrava.com\/es\/eventos-corporativos\/","og_locale":"es_ES","og_type":"article","og_title":"Eventos Corporativos | Hotel Costa Brava","og_description":"Eventos Corporativos Eventos corporativos en el Hotel Costa Brava En el Hotel Costa Brava te ofrecemos diversos espacios exclusivos y polivalentes, pensados para que tus eventos y reuniones de empresa sean todo un \u00e9xito. Todos nuestros salones cuentan con luz natural, wifi y vistas privilegiadas al Mediterr\u00e1neo, ideales tanto para sesiones de trabajo como para&hellip;&nbsp;","og_url":"https:\/\/www.hotelcostabrava.com\/es\/eventos-corporativos\/","og_site_name":"Hotel Costa Brava","article_modified_time":"2026-08-27T16:16:17+00:00","og_image":[{"width":1200,"height":675,"url":"https:\/\/www.hotelcostabrava.com\/wp-content\/uploads\/2024\/04\/Aromar.jpg","type":"image\/jpeg"}],"twitter_card":"summary_large_image","twitter_misc":{"Tiempo de lectura":"2 minutos"},"schema":{"@context":"https:\/\/schema.org","@graph":[{"@type":"WebPage","@id":"https:\/\/www.hotelcostabrava.com\/es\/eventos-corporativos\/","url":"https:\/\/www.hotelcostabrava.com\/es\/eventos-corporativos\/","name":"Eventos Corporativos | Hotel Costa Brava","isPartOf":{"@id":"https:\/\/www.hotelcostabrava.com\/es\/#website"},"datePublished":"2026-08-17T10:29:07+00:00","dateModified":"2026-08-27T16:16:17+00:00","breadcrumb":{"@id":"https:\/\/www.hotelcostabrava.com\/es\/eventos-corporativos\/#breadcrumb"},"inLanguage":"es","potentialAction":[{"@type":"ReadAction","target":["https:\/\/www.hotelcostabrava.com\/es\/eventos-corporativos\/"]}]},{"@type":"BreadcrumbList","@id":"https:\/\/www.hotelcostabrava.com\/es\/eventos-corporativos\/#breadcrumb","itemListElement":[{"@type":"ListItem","position":1,"name":"Portada","item":"https:\/\/www.hotelcostabrava.com\/es\/"},{"@type":"ListItem","position":2,"name":"Eventos Corporativos"}]},{"@type":"WebSite","@id":"https:\/\/www.hotelcostabrava.com\/es\/#website","url":"https:\/\/www.hotelcostabrava.com\/es\/","name":"Aromar Hotels & Restaurants","description":"Hotel a primera l\u00ednia de mar a Platja d&#039;Aro, Costa Brava","publisher":{"@id":"https:\/\/www.hotelcostabrava.com\/es\/#organization"},"alternateName":"Aromar Hotels & Restaurants","potentialAction":[{"@type":"SearchAction","target":{"@type":"EntryPoint","urlTemplate":"https:\/\/www.hotelcostabrava.com\/es\/?s={search_term_string}"},"query-input":{"@type":"PropertyValueSpecification","valueRequired":true,"valueName":"search_term_string"}}],"inLanguage":"es"},{"@type":"Organization","@id":"https:\/\/www.hotelcostabrava.com\/es\/#organization","name":"Aromar Hotels","alternateName":"Aromar Hotels","url":"https:\/\/www.hotelcostabrava.com\/es\/","logo":{"@type":"ImageObject","inLanguage":"es","@id":"https:\/\/www.hotelcostabrava.com\/es\/#\/schema\/logo\/image\/","url":"https:\/\/www.hotelcostabrava.com\/wp-content\/uploads\/2024\/04\/Aromar-2.jpg","contentUrl":"https:\/\/www.hotelcostabrava.com\/wp-content\/uploads\/2024\/04\/Aromar-2.jpg","width":696,"height":696,"caption":"Aromar Hotels"},"image":{"@id":"https:\/\/www.hotelcostabrava.com\/es\/#\/schema\/logo\/image\/"}}]}},"_links":{"self":[{"href":"https:\/\/www.hotelcostabrava.com\/es\/wp-json\/wp\/v2\/pages\/10407","targetHints":{"allow":["GET"]}}],"collection":[{"href":"https:\/\/www.hotelcostabrava.com\/es\/wp-json\/wp\/v2\/pages"}],"about":[{"href":"https:\/\/www.hotelcostabrava.com\/es\/wp-json\/wp\/v2\/types\/page"}],"author":[{"embeddable":true,"href":"https:\/\/www.hotelcostabrava.com\/es\/wp-json\/wp\/v2\/users\/1"}],"replies":[{"embeddable":true,"href":"https:\/\/www.hotelcostabrava.com\/es\/wp-json\/wp\/v2\/comments?post=10407"}],"version-history":[{"count":10,"href":"https:\/\/www.hotelcostabrava.com\/es\/wp-json\/wp\/v2\/pages\/10407\/revisions"}],"predecessor-version":[{"id":11806,"href":"https:\/\/www.hotelcostabrava.com\/es\/wp-json\/wp\/v2\/pages\/10407\/revisions\/11806"}],"wp:attachment":[{"href":"https:\/\/www.hotelcostabrava.com\/es\/wp-json\/wp\/v2\/media?parent=10407"}],"curies":[{"name":"wp","href":"https:\/\/api.w.org\/{rel}","templated":true}]}}