{"id":10405,"date":"2026-08-17T12:29:07","date_gmt":"2026-08-17T10:29:07","guid":{"rendered":"https:\/\/www.hotelcostabrava.com\/esdeveniments-corporatius\/"},"modified":"2026-08-27T18:20:27","modified_gmt":"2026-08-27T16:20:27","slug":"firmenveranstaltungen","status":"publish","type":"page","link":"https:\/\/www.hotelcostabrava.com\/de\/firmenveranstaltungen\/","title":{"rendered":"Firmenveranstaltungen"},"content":{"rendered":"\t\t<div data-elementor-type=\"wp-page\" data-elementor-id=\"10405\" class=\"elementor elementor-10405 elementor-10300\" data-elementor-post-type=\"page\">\n\t\t\t\t<div class=\"elementor-element elementor-element-a1d43da e-flex e-con-boxed e-con e-parent\" data-id=\"a1d43da\" data-element_type=\"container\" data-e-type=\"container\" data-settings=\"{&quot;background_background&quot;:&quot;classic&quot;}\">\n\t\t\t\t\t<div class=\"e-con-inner\">\n\t\t\t\t<div class=\"elementor-element elementor-element-09c8e54 elementor-widget elementor-widget-heading\" data-id=\"09c8e54\" data-element_type=\"widget\" data-e-type=\"widget\" data-widget_type=\"heading.default\">\n\t\t\t\t<div class=\"elementor-widget-container\">\n\t\t\t\t\t<h3 class=\"elementor-heading-title elementor-size-default\">Firmenveranstaltungen<\/h3>\t\t\t\t<\/div>\n\t\t\t\t<\/div>\n\t\t\t\t<div class=\"elementor-element elementor-element-74a916a elementor-widget elementor-widget-heading\" data-id=\"74a916a\" data-element_type=\"widget\" data-e-type=\"widget\" data-widget_type=\"heading.default\">\n\t\t\t\t<div class=\"elementor-widget-container\">\n\t\t\t\t\t<h1 class=\"elementor-heading-title elementor-size-default\">Firmenveranstaltungen im Hotel Costa Brava<\/h1>\t\t\t\t<\/div>\n\t\t\t\t<\/div>\n\t\t\t\t\t<\/div>\n\t\t\t\t<\/div>\n\t\t<div class=\"elementor-element elementor-element-ccf98e3 e-flex e-con-boxed e-con e-parent\" data-id=\"ccf98e3\" data-element_type=\"container\" data-e-type=\"container\" data-settings=\"{&quot;background_background&quot;:&quot;classic&quot;}\">\n\t\t\t\t\t<div class=\"e-con-inner\">\n\t\t\t\t<div class=\"elementor-element elementor-element-de81c38 elementor-widget elementor-widget-text-editor\" data-id=\"de81c38\" data-element_type=\"widget\" data-e-type=\"widget\" data-widget_type=\"text-editor.default\">\n\t\t\t\t<div class=\"elementor-widget-container\">\n\t\t\t\t\t\t\t\t\t<p class=\"PDq2pG_selectionAnchorContainer\" data-start=\"1871\" data-end=\"2332\">Im Hotel Costa Brava bieten wir Ihnen verschiedene exklusive und vielseitig nutzbare R\u00e4umlichkeiten, die darauf ausgerichtet sind, Ihre Firmenveranstaltungen und Gesch\u00e4ftstreffen zu einem vollen Erfolg zu machen. Alle unsere Veranstaltungsr\u00e4ume verf\u00fcgen \u00fcber Tageslicht, WLAN und einen privilegierten Blick auf das Mittelmeer und eignen sich sowohl f\u00fcr Arbeitssitzungen als auch f\u00fcr Kaffeepausen oder informellere Treffen zwischen den einzelnen Programmpunkten.<\/p><p data-start=\"2334\" data-end=\"2590\" data-is-last-node=\"\" data-is-only-node=\"\">Dar\u00fcber hinaus steht Ihnen unser Gastronomieservice mit kulinarischen Angeboten des Restaurants Aradi zur Verf\u00fcgung, die individuell auf die Anforderungen jeder Veranstaltung abgestimmt werden, damit jedes Detail Ihren gesch\u00e4ftlichen Anl\u00e4ssen gerecht wird.<\/p>\t\t\t\t\t\t\t\t<\/div>\n\t\t\t\t<\/div>\n\t\t\t\t\t<\/div>\n\t\t\t\t<\/div>\n\t\t<div class=\"elementor-element elementor-element-cb3e660 e-con-full e-flex e-con e-parent\" data-id=\"cb3e660\" data-element_type=\"container\" data-e-type=\"container\">\n\t\t<div class=\"elementor-element elementor-element-ef8fd08 e-con-full e-flex e-con e-child\" data-id=\"ef8fd08\" data-element_type=\"container\" data-e-type=\"container\" data-settings=\"{&quot;background_background&quot;:&quot;classic&quot;}\">\n\t\t\t\t<\/div>\n\t\t<div class=\"elementor-element elementor-element-1f84c8c e-con-full e-flex e-con e-child\" data-id=\"1f84c8c\" data-element_type=\"container\" data-e-type=\"container\">\n\t\t<div class=\"elementor-element elementor-element-6ef0792 e-con-full e-flex e-con e-child\" data-id=\"6ef0792\" data-element_type=\"container\" data-e-type=\"container\">\n\t\t\t\t<div class=\"elementor-element elementor-element-06dcdb9 elementor-widget elementor-widget-heading\" data-id=\"06dcdb9\" data-element_type=\"widget\" data-e-type=\"widget\" data-widget_type=\"heading.default\">\n\t\t\t\t<div class=\"elementor-widget-container\">\n\t\t\t\t\t<div class=\"elementor-heading-title elementor-size-default\">Saal Jordi Comas<\/div>\t\t\t\t<\/div>\n\t\t\t\t<\/div>\n\t\t\t\t<div class=\"elementor-element elementor-element-3f3ff79 elementor-widget elementor-widget-text-editor\" data-id=\"3f3ff79\" data-element_type=\"widget\" data-e-type=\"widget\" data-widget_type=\"text-editor.default\">\n\t\t\t\t<div class=\"elementor-widget-container\">\n\t\t\t\t\t\t\t\t\t<p class=\"PDq2pG_selectionAnchorContainer\" data-start=\"1929\" data-end=\"2129\">Der zentrale Veranstaltungssaal des Hotels bietet einen der spektakul\u00e4rsten Ausblicke auf das Mittelmeer und die Platja Gran von Platja d\u2019Aro. Ein idealer Raum f\u00fcr Veranstaltungen im kleineren Rahmen.<\/p><ul data-start=\"2131\" data-end=\"2348\"><li data-section-id=\"8etw6b\" data-start=\"2131\" data-end=\"2163\">Kapazit\u00e4t: bis zu 150 Personen<\/li><li data-section-id=\"w3ochb\" data-start=\"2164\" data-end=\"2182\">Fl\u00e4che: 160,9 m\u00b2<\/li><li data-section-id=\"1te8ck4\" data-start=\"2183\" data-end=\"2198\">Raumh\u00f6he: 3 m<\/li><li data-section-id=\"5s8ttp\" data-start=\"2199\" data-end=\"2220\">Tageslicht und WLAN<\/li><li data-section-id=\"4gvbrt\" data-start=\"2221\" data-end=\"2348\">Die Raummiete umfasst Aufbau, Leinwand, EPSON OPTOMA FullHD 2,4GB\/5GB-Projektor, Flipchart, Beschallungsanlage und Tontechnik<\/li><\/ul><p data-start=\"2350\" data-end=\"2369\">\u00a0<\/p><p data-start=\"2350\" data-end=\"2369\"><em>Raumkapazit\u00e4ten<\/em><\/p><ul data-start=\"2371\" data-end=\"2539\" data-is-last-node=\"\" data-is-only-node=\"\"><li data-section-id=\"hig4p\" data-start=\"2371\" data-end=\"2404\">Theaterbestuhlung: 120 Personen<\/li><li data-section-id=\"16q5hhj\" data-start=\"2405\" data-end=\"2439\">Schulungsbestuhlung: 80 Personen<\/li><li data-section-id=\"srgw52\" data-start=\"2440\" data-end=\"2473\">Bankettbestuhlung: 150 Personen<\/li><li data-section-id=\"1yz5x41\" data-start=\"2474\" data-end=\"2508\">Cocktailbestuhlung: 150 Personen<\/li><li data-section-id=\"1rvord7\" data-start=\"2509\" data-end=\"2539\" data-is-last-node=\"\">Blockbestuhlung: 56 Personen<\/li><\/ul>\t\t\t\t\t\t\t\t<\/div>\n\t\t\t\t<\/div>\n\t\t\t\t<\/div>\n\t\t\t\t<\/div>\n\t\t\t\t<\/div>\n\t\t<div class=\"elementor-element elementor-element-72ca5df e-con-full e-flex e-con e-parent\" data-id=\"72ca5df\" data-element_type=\"container\" data-e-type=\"container\">\n\t\t<div class=\"elementor-element elementor-element-a577b29 e-con-full e-flex e-con e-child\" data-id=\"a577b29\" data-element_type=\"container\" data-e-type=\"container\">\n\t\t<div class=\"elementor-element elementor-element-383c960 e-con-full e-flex e-con e-child\" data-id=\"383c960\" data-element_type=\"container\" data-e-type=\"container\">\n\t\t\t\t<div class=\"elementor-element elementor-element-b99479e elementor-widget elementor-widget-heading\" data-id=\"b99479e\" data-element_type=\"widget\" data-e-type=\"widget\" data-widget_type=\"heading.default\">\n\t\t\t\t<div class=\"elementor-widget-container\">\n\t\t\t\t\t<div class=\"elementor-heading-title elementor-size-default\">Saal Garb\u00ed<\/div>\t\t\t\t<\/div>\n\t\t\t\t<\/div>\n\t\t\t\t<div class=\"elementor-element elementor-element-c68d169 elementor-widget elementor-widget-text-editor\" data-id=\"c68d169\" data-element_type=\"widget\" data-e-type=\"widget\" data-widget_type=\"text-editor.default\">\n\t\t\t\t<div class=\"elementor-widget-container\">\n\t\t\t\t\t\t\t\t\t<p class=\"PDq2pG_selectionAnchorContainer\" data-start=\"1827\" data-end=\"1971\">Im Innenbereich oder auf der Terrasse gelegen, direkt gegen\u00fcber der Platja Gran von Platja d\u2019Aro. Ein vielseitiger Raum mit mediterranem Charme.<\/p><ul data-start=\"1973\" data-end=\"2229\"><li data-section-id=\"dbpavm\" data-start=\"1973\" data-end=\"2004\">Kapazit\u00e4t: bis zu 50 Personen<\/li><li data-section-id=\"1xdpwob\" data-start=\"2005\" data-end=\"2051\">Fl\u00e4che: 75,95 m\u00b2 (Saal + Terrasse: 158,1 m\u00b2)<\/li><li data-section-id=\"1wbrk04\" data-start=\"2052\" data-end=\"2079\">Raumh\u00f6he: von 3 m bis 2 m<\/li><li data-section-id=\"5s8ttp\" data-start=\"2080\" data-end=\"2101\">Tageslicht und WLAN<\/li><li data-section-id=\"4gvbrt\" data-start=\"2102\" data-end=\"2229\">Die Raummiete umfasst Aufbau, Leinwand, EPSON OPTOMA FullHD 2,4GB\/5GB-Projektor, Flipchart, Beschallungsanlage und Tontechnik<\/li><\/ul><p data-start=\"2231\" data-end=\"2250\">\u00a0<\/p><p data-start=\"2231\" data-end=\"2250\"><em>Raumkapazit\u00e4ten<\/em><\/p><ul data-start=\"2252\" data-end=\"2417\" data-is-last-node=\"\" data-is-only-node=\"\"><li data-section-id=\"xljchr\" data-start=\"2252\" data-end=\"2284\">Theaterbestuhlung: 36 Personen<\/li><li data-section-id=\"1r1ryme\" data-start=\"2285\" data-end=\"2319\">Schulungsbestuhlung: 18 Personen<\/li><li data-section-id=\"1k06nl3\" data-start=\"2320\" data-end=\"2352\">Bankettbestuhlung: 50 Personen<\/li><li data-section-id=\"db2pxs\" data-start=\"2353\" data-end=\"2386\">Cocktailbestuhlung: 50 Personen<\/li><li data-section-id=\"1ghncem\" data-start=\"2387\" data-end=\"2417\" data-is-last-node=\"\">Blockbestuhlung: 24 Personen<\/li><\/ul>\t\t\t\t\t\t\t\t<\/div>\n\t\t\t\t<\/div>\n\t\t\t\t<\/div>\n\t\t\t\t<\/div>\n\t\t<div class=\"elementor-element elementor-element-16a65c6 e-con-full e-flex e-con e-child\" data-id=\"16a65c6\" data-element_type=\"container\" data-e-type=\"container\" data-settings=\"{&quot;background_background&quot;:&quot;classic&quot;}\">\n\t\t\t\t<\/div>\n\t\t\t\t<\/div>\n\t\t<div class=\"elementor-element elementor-element-b33c240 e-con-full e-flex e-con e-parent\" data-id=\"b33c240\" data-element_type=\"container\" data-e-type=\"container\">\n\t\t<div class=\"elementor-element elementor-element-bd2135f e-con-full e-flex e-con e-child\" data-id=\"bd2135f\" data-element_type=\"container\" data-e-type=\"container\" data-settings=\"{&quot;background_background&quot;:&quot;classic&quot;}\">\n\t\t\t\t<\/div>\n\t\t<div class=\"elementor-element elementor-element-0e97091 e-con-full e-flex e-con e-child\" data-id=\"0e97091\" data-element_type=\"container\" data-e-type=\"container\">\n\t\t<div class=\"elementor-element elementor-element-6b6c91c e-con-full e-flex e-con e-child\" data-id=\"6b6c91c\" data-element_type=\"container\" data-e-type=\"container\">\n\t\t\t\t<div class=\"elementor-element elementor-element-0c7dddf elementor-widget elementor-widget-heading\" data-id=\"0c7dddf\" data-element_type=\"widget\" data-e-type=\"widget\" data-widget_type=\"heading.default\">\n\t\t\t\t<div class=\"elementor-widget-container\">\n\t\t\t\t\t<div class=\"elementor-heading-title elementor-size-default\">Saal Cuixart<\/div>\t\t\t\t<\/div>\n\t\t\t\t<\/div>\n\t\t\t\t<div class=\"elementor-element elementor-element-a17452a elementor-widget elementor-widget-text-editor\" data-id=\"a17452a\" data-element_type=\"widget\" data-e-type=\"widget\" data-widget_type=\"text-editor.default\">\n\t\t\t\t<div class=\"elementor-widget-container\">\n\t\t\t\t\t\t\t\t\t<p class=\"PDq2pG_selectionAnchorContainer\" data-start=\"1875\" data-end=\"2106\">Dieser nach dem K\u00fcnstler benannte Raum ist ideal, um eine ruhige Atmosph\u00e4re zu genie\u00dfen. Er bietet einen Blick auf die Cala Rovira und verf\u00fcgt im Winter \u00fcber einen eigenen Kamin. Perfekt f\u00fcr kleinere und informellere Besprechungen.<\/p><ul data-start=\"2108\" data-end=\"2294\"><li data-section-id=\"zl8uzq\" data-start=\"2108\" data-end=\"2126\">Fl\u00e4che: 35,45 m\u00b2<\/li><li data-section-id=\"16kaux8\" data-start=\"2127\" data-end=\"2144\">Raumh\u00f6he: 2,5 m<\/li><li data-section-id=\"5s8ttp\" data-start=\"2145\" data-end=\"2166\">Tageslicht und WLAN<\/li><li data-section-id=\"4gvbrt\" data-start=\"2167\" data-end=\"2294\">Die Raummiete umfasst Aufbau, Leinwand, EPSON OPTOMA FullHD 2,4GB\/5GB-Projektor, Flipchart, Beschallungsanlage und Tontechnik<\/li><\/ul><p data-start=\"2296\" data-end=\"2315\">\u00a0<\/p><p data-start=\"2296\" data-end=\"2315\"><em>Raumkapazit\u00e4ten<\/em><\/p><ul data-start=\"2317\" data-end=\"2482\" data-is-last-node=\"\" data-is-only-node=\"\"><li data-section-id=\"1kt23ug\" data-start=\"2317\" data-end=\"2349\">Theaterbestuhlung: 20 Personen<\/li><li data-section-id=\"ezndjg\" data-start=\"2350\" data-end=\"2384\">Schulungsbestuhlung: 12 Personen<\/li><li data-section-id=\"1fyndls\" data-start=\"2385\" data-end=\"2417\">Bankettbestuhlung: 20 Personen<\/li><li data-section-id=\"eto1na\" data-start=\"2418\" data-end=\"2451\">Cocktailbestuhlung: 30 Personen<\/li><li data-section-id=\"1ghncem\" data-start=\"2452\" data-end=\"2482\" data-is-last-node=\"\">Blockbestuhlung: 24 Personen<\/li><\/ul>\t\t\t\t\t\t\t\t<\/div>\n\t\t\t\t<\/div>\n\t\t\t\t<\/div>\n\t\t\t\t<\/div>\n\t\t\t\t<\/div>\n\t\t<div class=\"elementor-element elementor-element-1e58d86 e-flex e-con-boxed e-con e-parent\" data-id=\"1e58d86\" data-element_type=\"container\" data-e-type=\"container\" data-settings=\"{&quot;background_background&quot;:&quot;classic&quot;}\">\n\t\t\t\t\t<div class=\"e-con-inner\">\n\t\t<div class=\"elementor-element elementor-element-3c855fc e-con-full e-flex e-con e-child\" data-id=\"3c855fc\" data-element_type=\"container\" data-e-type=\"container\">\n\t\t\t\t<div class=\"elementor-element elementor-element-05ae321 elementor-widget elementor-widget-text-editor\" data-id=\"05ae321\" data-element_type=\"widget\" data-e-type=\"widget\" data-widget_type=\"text-editor.default\">\n\t\t\t\t<div class=\"elementor-widget-container\">\n\t\t\t\t\t\t\t\t\t<p><span style=\"font-weight: 400;\">Kontaktieren Sie uns: <\/span>\u00a0<a href=\"mailto:info@hotelcostabrava.com\">info@hotelcostabrava.com<\/a> \u00b7 <a href=\"tel:972 817 070\">972 817 070<\/a><\/p>\t\t\t\t\t\t\t\t<\/div>\n\t\t\t\t<\/div>\n\t\t\t\t<\/div>\n\t\t\t\t\t<\/div>\n\t\t\t\t<\/div>\n\t\t\t\t<\/div>\n\t\t","protected":false},"excerpt":{"rendered":"<p>Firmenveranstaltungen Firmenveranstaltungen im Hotel Costa Brava Im Hotel Costa Brava bieten wir Ihnen verschiedene exklusive und vielseitig nutzbare R\u00e4umlichkeiten, die darauf ausgerichtet sind, Ihre Firmenveranstaltungen und Gesch\u00e4ftstreffen zu einem vollen Erfolg zu machen. Alle unsere Veranstaltungsr\u00e4ume verf\u00fcgen \u00fcber Tageslicht, WLAN und einen privilegierten Blick auf das Mittelmeer und eignen sich sowohl f\u00fcr Arbeitssitzungen als auch&hellip;&nbsp;<\/p>\n","protected":false},"author":1,"featured_media":0,"parent":0,"menu_order":0,"comment_status":"closed","ping_status":"closed","template":"page-templates\/template-pagebuilder-full-width.php","meta":{"_acf_changed":false,"neve_meta_sidebar":"","neve_meta_container":"","neve_meta_enable_content_width":"off","neve_meta_content_width":100,"neve_meta_title_alignment":"","neve_meta_author_avatar":"","neve_post_elements_order":"","neve_meta_disable_header":"","neve_meta_disable_footer":"","neve_meta_disable_title":"","neve_meta_reading_time":"","footnotes":""},"class_list":["post-10405","page","type-page","status-publish","hentry"],"acf":[],"yoast_head":"<!-- This site is optimized with the Yoast SEO plugin v28.4 - https:\/\/yoast.com\/product\/yoast-seo-wordpress\/ -->\n<title>Firmenveranstaltungen | Hotel Costa Brava<\/title>\n<meta name=\"robots\" content=\"index, follow, max-snippet:-1, max-image-preview:large, max-video-preview:-1\" \/>\n<link rel=\"canonical\" href=\"https:\/\/www.hotelcostabrava.com\/de\/firmenveranstaltungen\/\" \/>\n<meta property=\"og:locale\" content=\"de_DE\" \/>\n<meta property=\"og:type\" content=\"article\" \/>\n<meta property=\"og:title\" content=\"Firmenveranstaltungen | Hotel Costa Brava\" \/>\n<meta property=\"og:description\" content=\"Firmenveranstaltungen Firmenveranstaltungen im Hotel Costa Brava Im Hotel Costa Brava bieten wir Ihnen verschiedene exklusive und vielseitig nutzbare R\u00e4umlichkeiten, die darauf ausgerichtet sind, Ihre Firmenveranstaltungen und Gesch\u00e4ftstreffen zu einem vollen Erfolg zu machen. Alle unsere Veranstaltungsr\u00e4ume verf\u00fcgen \u00fcber Tageslicht, WLAN und einen privilegierten Blick auf das Mittelmeer und eignen sich sowohl f\u00fcr Arbeitssitzungen als auch&hellip;&nbsp;\" \/>\n<meta property=\"og:url\" content=\"https:\/\/www.hotelcostabrava.com\/de\/firmenveranstaltungen\/\" \/>\n<meta property=\"og:site_name\" content=\"Hotel Costa Brava\" \/>\n<meta property=\"article:modified_time\" content=\"2026-08-27T16:20:27+00:00\" \/>\n<meta property=\"og:image\" content=\"https:\/\/www.hotelcostabrava.com\/wp-content\/uploads\/2024\/04\/Aromar.jpg\" \/>\n\t<meta property=\"og:image:width\" content=\"1200\" \/>\n\t<meta property=\"og:image:height\" content=\"675\" \/>\n\t<meta property=\"og:image:type\" content=\"image\/jpeg\" \/>\n<meta name=\"twitter:card\" content=\"summary_large_image\" \/>\n<meta name=\"twitter:label1\" content=\"Gesch\u00e4tzte Lesezeit\" \/>\n\t<meta name=\"twitter:data1\" content=\"2\u00a0Minuten\" \/>\n<script type=\"application\/ld+json\" class=\"yoast-schema-graph\">{\"@context\":\"https:\\\/\\\/schema.org\",\"@graph\":[{\"@type\":\"WebPage\",\"@id\":\"https:\\\/\\\/www.hotelcostabrava.com\\\/de\\\/firmenveranstaltungen\\\/\",\"url\":\"https:\\\/\\\/www.hotelcostabrava.com\\\/de\\\/firmenveranstaltungen\\\/\",\"name\":\"Firmenveranstaltungen | Hotel Costa Brava\",\"isPartOf\":{\"@id\":\"https:\\\/\\\/www.hotelcostabrava.com\\\/de\\\/#website\"},\"datePublished\":\"2026-08-17T10:29:07+00:00\",\"dateModified\":\"2026-08-27T16:20:27+00:00\",\"breadcrumb\":{\"@id\":\"https:\\\/\\\/www.hotelcostabrava.com\\\/de\\\/firmenveranstaltungen\\\/#breadcrumb\"},\"inLanguage\":\"de\",\"potentialAction\":[{\"@type\":\"ReadAction\",\"target\":[\"https:\\\/\\\/www.hotelcostabrava.com\\\/de\\\/firmenveranstaltungen\\\/\"]}]},{\"@type\":\"BreadcrumbList\",\"@id\":\"https:\\\/\\\/www.hotelcostabrava.com\\\/de\\\/firmenveranstaltungen\\\/#breadcrumb\",\"itemListElement\":[{\"@type\":\"ListItem\",\"position\":1,\"name\":\"Portada\",\"item\":\"https:\\\/\\\/www.hotelcostabrava.com\\\/de\\\/\"},{\"@type\":\"ListItem\",\"position\":2,\"name\":\"Firmenveranstaltungen\"}]},{\"@type\":\"WebSite\",\"@id\":\"https:\\\/\\\/www.hotelcostabrava.com\\\/de\\\/#website\",\"url\":\"https:\\\/\\\/www.hotelcostabrava.com\\\/de\\\/\",\"name\":\"Aromar Hotels & Restaurants\",\"description\":\"Hotel a primera l\u00ednia de mar a Platja d&#039;Aro, Costa Brava\",\"publisher\":{\"@id\":\"https:\\\/\\\/www.hotelcostabrava.com\\\/de\\\/#organization\"},\"alternateName\":\"Aromar Hotels & Restaurants\",\"potentialAction\":[{\"@type\":\"SearchAction\",\"target\":{\"@type\":\"EntryPoint\",\"urlTemplate\":\"https:\\\/\\\/www.hotelcostabrava.com\\\/de\\\/?s={search_term_string}\"},\"query-input\":{\"@type\":\"PropertyValueSpecification\",\"valueRequired\":true,\"valueName\":\"search_term_string\"}}],\"inLanguage\":\"de\"},{\"@type\":\"Organization\",\"@id\":\"https:\\\/\\\/www.hotelcostabrava.com\\\/de\\\/#organization\",\"name\":\"Aromar Hotels\",\"alternateName\":\"Aromar Hotels\",\"url\":\"https:\\\/\\\/www.hotelcostabrava.com\\\/de\\\/\",\"logo\":{\"@type\":\"ImageObject\",\"inLanguage\":\"de\",\"@id\":\"https:\\\/\\\/www.hotelcostabrava.com\\\/de\\\/#\\\/schema\\\/logo\\\/image\\\/\",\"url\":\"https:\\\/\\\/www.hotelcostabrava.com\\\/wp-content\\\/uploads\\\/2024\\\/04\\\/Aromar-2.jpg\",\"contentUrl\":\"https:\\\/\\\/www.hotelcostabrava.com\\\/wp-content\\\/uploads\\\/2024\\\/04\\\/Aromar-2.jpg\",\"width\":696,\"height\":696,\"caption\":\"Aromar Hotels\"},\"image\":{\"@id\":\"https:\\\/\\\/www.hotelcostabrava.com\\\/de\\\/#\\\/schema\\\/logo\\\/image\\\/\"}}]}<\/script>\n<!-- \/ Yoast SEO plugin. -->","yoast_head_json":{"title":"Firmenveranstaltungen | Hotel Costa Brava","robots":{"index":"index","follow":"follow","max-snippet":"max-snippet:-1","max-image-preview":"max-image-preview:large","max-video-preview":"max-video-preview:-1"},"canonical":"https:\/\/www.hotelcostabrava.com\/de\/firmenveranstaltungen\/","og_locale":"de_DE","og_type":"article","og_title":"Firmenveranstaltungen | Hotel Costa Brava","og_description":"Firmenveranstaltungen Firmenveranstaltungen im Hotel Costa Brava Im Hotel Costa Brava bieten wir Ihnen verschiedene exklusive und vielseitig nutzbare R\u00e4umlichkeiten, die darauf ausgerichtet sind, Ihre Firmenveranstaltungen und Gesch\u00e4ftstreffen zu einem vollen Erfolg zu machen. Alle unsere Veranstaltungsr\u00e4ume verf\u00fcgen \u00fcber Tageslicht, WLAN und einen privilegierten Blick auf das Mittelmeer und eignen sich sowohl f\u00fcr Arbeitssitzungen als auch&hellip;&nbsp;","og_url":"https:\/\/www.hotelcostabrava.com\/de\/firmenveranstaltungen\/","og_site_name":"Hotel Costa Brava","article_modified_time":"2026-08-27T16:20:27+00:00","og_image":[{"width":1200,"height":675,"url":"https:\/\/www.hotelcostabrava.com\/wp-content\/uploads\/2024\/04\/Aromar.jpg","type":"image\/jpeg"}],"twitter_card":"summary_large_image","twitter_misc":{"Gesch\u00e4tzte Lesezeit":"2\u00a0Minuten"},"schema":{"@context":"https:\/\/schema.org","@graph":[{"@type":"WebPage","@id":"https:\/\/www.hotelcostabrava.com\/de\/firmenveranstaltungen\/","url":"https:\/\/www.hotelcostabrava.com\/de\/firmenveranstaltungen\/","name":"Firmenveranstaltungen | Hotel Costa Brava","isPartOf":{"@id":"https:\/\/www.hotelcostabrava.com\/de\/#website"},"datePublished":"2026-08-17T10:29:07+00:00","dateModified":"2026-08-27T16:20:27+00:00","breadcrumb":{"@id":"https:\/\/www.hotelcostabrava.com\/de\/firmenveranstaltungen\/#breadcrumb"},"inLanguage":"de","potentialAction":[{"@type":"ReadAction","target":["https:\/\/www.hotelcostabrava.com\/de\/firmenveranstaltungen\/"]}]},{"@type":"BreadcrumbList","@id":"https:\/\/www.hotelcostabrava.com\/de\/firmenveranstaltungen\/#breadcrumb","itemListElement":[{"@type":"ListItem","position":1,"name":"Portada","item":"https:\/\/www.hotelcostabrava.com\/de\/"},{"@type":"ListItem","position":2,"name":"Firmenveranstaltungen"}]},{"@type":"WebSite","@id":"https:\/\/www.hotelcostabrava.com\/de\/#website","url":"https:\/\/www.hotelcostabrava.com\/de\/","name":"Aromar Hotels & Restaurants","description":"Hotel a primera l\u00ednia de mar a Platja d&#039;Aro, Costa Brava","publisher":{"@id":"https:\/\/www.hotelcostabrava.com\/de\/#organization"},"alternateName":"Aromar Hotels & Restaurants","potentialAction":[{"@type":"SearchAction","target":{"@type":"EntryPoint","urlTemplate":"https:\/\/www.hotelcostabrava.com\/de\/?s={search_term_string}"},"query-input":{"@type":"PropertyValueSpecification","valueRequired":true,"valueName":"search_term_string"}}],"inLanguage":"de"},{"@type":"Organization","@id":"https:\/\/www.hotelcostabrava.com\/de\/#organization","name":"Aromar Hotels","alternateName":"Aromar Hotels","url":"https:\/\/www.hotelcostabrava.com\/de\/","logo":{"@type":"ImageObject","inLanguage":"de","@id":"https:\/\/www.hotelcostabrava.com\/de\/#\/schema\/logo\/image\/","url":"https:\/\/www.hotelcostabrava.com\/wp-content\/uploads\/2024\/04\/Aromar-2.jpg","contentUrl":"https:\/\/www.hotelcostabrava.com\/wp-content\/uploads\/2024\/04\/Aromar-2.jpg","width":696,"height":696,"caption":"Aromar Hotels"},"image":{"@id":"https:\/\/www.hotelcostabrava.com\/de\/#\/schema\/logo\/image\/"}}]}},"_links":{"self":[{"href":"https:\/\/www.hotelcostabrava.com\/de\/wp-json\/wp\/v2\/pages\/10405","targetHints":{"allow":["GET"]}}],"collection":[{"href":"https:\/\/www.hotelcostabrava.com\/de\/wp-json\/wp\/v2\/pages"}],"about":[{"href":"https:\/\/www.hotelcostabrava.com\/de\/wp-json\/wp\/v2\/types\/page"}],"author":[{"embeddable":true,"href":"https:\/\/www.hotelcostabrava.com\/de\/wp-json\/wp\/v2\/users\/1"}],"replies":[{"embeddable":true,"href":"https:\/\/www.hotelcostabrava.com\/de\/wp-json\/wp\/v2\/comments?post=10405"}],"version-history":[{"count":10,"href":"https:\/\/www.hotelcostabrava.com\/de\/wp-json\/wp\/v2\/pages\/10405\/revisions"}],"predecessor-version":[{"id":11836,"href":"https:\/\/www.hotelcostabrava.com\/de\/wp-json\/wp\/v2\/pages\/10405\/revisions\/11836"}],"wp:attachment":[{"href":"https:\/\/www.hotelcostabrava.com\/de\/wp-json\/wp\/v2\/media?parent=10405"}],"curies":[{"name":"wp","href":"https:\/\/api.w.org\/{rel}","templated":true}]}}